{"id":9220,"date":"2026-01-23T17:26:45","date_gmt":"2026-01-23T20:26:45","guid":{"rendered":"https:\/\/muneka.us\/product\/amazon-echo-pop-newest-model-our-smallest-speaker-with-alexa-early-access-fits-in-any-room-charcoal\/"},"modified":"2026-01-23T17:26:45","modified_gmt":"2026-01-23T20:26:45","slug":"amazon-echo-pop-newest-model-our-smallest-speaker-with-alexa-early-access-fits-in-any-room-charcoal","status":"publish","type":"product","link":"https:\/\/muneka.us\/es\/producto\/amazon-echo-pop-newest-model-our-smallest-speaker-with-alexa-early-access-fits-in-any-room-charcoal\/","title":{"rendered":"Amazon Echo Pop (newest model), Our smallest speaker with Alexa+ Early Access, Fits in any room, Charcoal"},"content":{"rendered":"<li data-start=\"167\" data-end=\"276\">\n<p data-start=\"169\" data-end=\"276\"><strong data-start=\"169\" data-end=\"208\">O menor alto-falante da linha Echo:<\/strong> Design compacto e moderno, perfeito para qualquer ambiente da casa.<\/p>\n<\/li>\n<li data-start=\"277\" data-end=\"489\">\n<p data-start=\"279\" data-end=\"489\"><strong data-start=\"279\" data-end=\"303\">Alexa+ Early Access:<\/strong> Inclui acesso antecipado ao <strong data-start=\"332\" data-end=\"342\">Alexa+<\/strong>, a vers\u00e3o mais inteligente e proativa da assistente de IA, com respostas mais naturais, sugest\u00f5es personalizadas e melhor compreens\u00e3o do contexto.<\/p>\n<\/li>\n<li data-start=\"490\" data-end=\"655\">\n<p data-start=\"492\" data-end=\"655\"><strong data-start=\"492\" data-end=\"523\">Ideal para qualquer c\u00f4modo:<\/strong> Cabe facilmente em quartos, cozinhas, escrit\u00f3rios, salas de estar e at\u00e9 em espa\u00e7os pequenos como prateleiras ou mesas de cabeceira.<\/p>\n<\/li>\n<li data-start=\"656\" data-end=\"789\">\n<p data-start=\"658\" data-end=\"789\"><strong data-start=\"658\" data-end=\"708\">Som surpreendentemente potente para o tamanho:<\/strong> \u00c1udio claro e equilibrado, \u00f3timo para m\u00fasicas, podcasts, audiolivros e chamadas.<\/p>\n<\/li>\n<li data-start=\"790\" data-end=\"919\">\n<p data-start=\"792\" data-end=\"919\"><strong data-start=\"792\" data-end=\"813\">Controle por voz:<\/strong> Permite tocar m\u00fasicas, ajustar alarmes, consultar o tempo, criar listas e muito mais usando apenas a voz.<\/p>\n<\/li>\n<li data-start=\"920\" data-end=\"1071\">\n<p data-start=\"922\" data-end=\"1071\"><strong data-start=\"922\" data-end=\"943\">Casa inteligente:<\/strong> Controle dispositivos compat\u00edveis com Alexa, como l\u00e2mpadas, tomadas e dispositivos de automa\u00e7\u00e3o, sem precisar levantar um dedo.<\/p>\n<\/li>\n<li data-start=\"1072\" data-end=\"1180\">\n<p data-start=\"1074\" data-end=\"1180\"><strong data-start=\"1074\" data-end=\"1092\">Conectividade:<\/strong> Wi-Fi e Bluetooth integrados para streaming de \u00e1udio e conex\u00e3o com outros dispositivos.<\/p>\n<\/li>\n<li data-start=\"1181\" data-end=\"1286\">\n<p data-start=\"1183\" data-end=\"1286\"><strong data-start=\"1183\" data-end=\"1199\">Privacidade:<\/strong> Bot\u00e3o f\u00edsico para desligar o microfone, garantindo maior controle sobre a privacidade.<\/p>\n<\/li>\n<li data-start=\"1287\" data-end=\"1368\">\n<p data-start=\"1289\" data-end=\"1368\"><strong data-start=\"1289\" data-end=\"1321\">Design elegante em Charcoal:<\/strong> Cor s\u00f3bria que combina com qualquer decora\u00e7\u00e3o.<\/p>\n<\/li>\n","protected":false},"excerpt":{"rendered":"<p>O menor alto-falante da linha Echo: Design compacto e moderno, perfeito para qualquer ambiente da casa. Alexa+ Early Access: Inclui acesso antecipado ao Alexa+, a vers\u00e3o mais inteligente e proativa da assistente de IA, com respostas mais naturais, sugest\u00f5es personalizadas e melhor compreens\u00e3o do contexto. Ideal para qualquer c\u00f4modo: Cabe facilmente em quartos, cozinhas, escrit\u00f3rios, [&#8230;]\n","protected":false},"featured_media":9221,"comment_status":"open","ping_status":"closed","template":"","meta":[],"product_brand":[],"product_cat":[3788,3792,3786],"product_tag":[],"class_list":{"0":"post-9220","1":"product","2":"type-product","3":"status-publish","4":"has-post-thumbnail","6":"product_cat-accesorios","7":"product_cat-aparatos-electronicos","8":"product_cat-tecnologia","10":"first","11":"instock","12":"taxable","13":"shipping-taxable","14":"purchasable","15":"product-type-simple"},"jetpack_sharing_enabled":true,"_links":{"self":[{"href":"https:\/\/muneka.us\/es\/wp-json\/wp\/v2\/product\/9220","targetHints":{"allow":["GET"]}}],"collection":[{"href":"https:\/\/muneka.us\/es\/wp-json\/wp\/v2\/product"}],"about":[{"href":"https:\/\/muneka.us\/es\/wp-json\/wp\/v2\/types\/product"}],"replies":[{"embeddable":true,"href":"https:\/\/muneka.us\/es\/wp-json\/wp\/v2\/comments?post=9220"}],"wp:featuredmedia":[{"embeddable":true,"href":"https:\/\/muneka.us\/es\/wp-json\/wp\/v2\/media\/9221"}],"wp:attachment":[{"href":"https:\/\/muneka.us\/es\/wp-json\/wp\/v2\/media?parent=9220"}],"wp:term":[{"taxonomy":"product_brand","embeddable":true,"href":"https:\/\/muneka.us\/es\/wp-json\/wp\/v2\/product_brand?post=9220"},{"taxonomy":"product_cat","embeddable":true,"href":"https:\/\/muneka.us\/es\/wp-json\/wp\/v2\/product_cat?post=9220"},{"taxonomy":"product_tag","embeddable":true,"href":"https:\/\/muneka.us\/es\/wp-json\/wp\/v2\/product_tag?post=9220"}],"curies":[{"name":"wp","href":"https:\/\/api.w.org\/{rel}","templated":true}]}}