{"id":6977,"date":"2025-10-27T15:29:58","date_gmt":"2025-10-27T18:29:58","guid":{"rendered":"https:\/\/muneka.us\/product\/loreal-paris-elvive-extraordinary-hair-nourishing-oil-for-all-hair-100ml\/"},"modified":"2026-01-13T16:08:27","modified_gmt":"2026-01-13T19:08:27","slug":"loreal-paris-elvive-extraordinary-hair-nourishing-oil-for-all-hair-100ml","status":"publish","type":"product","link":"https:\/\/muneka.us\/en\/produto\/loreal-paris-elvive-extraordinary-hair-nourishing-oil-for-all-hair-100ml\/","title":{"rendered":"L&#8217;Oreal Paris Elvive Extraordinary Hair Nourishing Oil For All Hair 100ml"},"content":{"rendered":"<article class=\"text-token-text-primary w-full focus:outline-none [--shadow-height:45px] has-data-writing-block:pointer-events-none has-data-writing-block:-mt-(--shadow-height) has-data-writing-block:pt-(--shadow-height) [&amp;:has([data-writing-block])&gt;*]:pointer-events-auto [content-visibility:auto] supports-[content-visibility:auto]:[contain-intrinsic-size:auto_100lvh] scroll-mt-[calc(var(--header-height)+min(200px,max(70px,20svh)))]\" dir=\"auto\" data-turn-id=\"request-WEB:e78e0b19-7867-43ae-ba2a-a947ff226d9b-7\" data-testid=\"conversation-turn-16\" data-scroll-anchor=\"true\" data-turn=\"assistant\">\n<div class=\"text-base my-auto mx-auto pb-10 [--thread-content-margin:--spacing(4)] thread-sm:[--thread-content-margin:--spacing(6)] thread-lg:[--thread-content-margin:--spacing(16)] px-(--thread-content-margin)\">\n<div class=\"[--thread-content-max-width:40rem] thread-lg:[--thread-content-max-width:48rem] mx-auto max-w-(--thread-content-max-width) flex-1 group\/turn-messages focus-visible:outline-hidden relative flex w-full min-w-0 flex-col agent-turn\">\n<div class=\"flex max-w-full flex-col grow\">\n<div data-message-author-role=\"assistant\" data-message-id=\"1dcfd0e8-1f54-4bb0-b93d-8a68e81f1315\" dir=\"auto\" class=\"min-h-8 text-message relative flex w-full flex-col items-end gap-2 text-start break-words whitespace-normal [.text-message+&amp;]:mt-1\" data-message-model-slug=\"gpt-5-mini\">\n<div class=\"flex w-full flex-col gap-1 empty:hidden first:pt-[1px]\">\n<div class=\"markdown prose dark:prose-invert w-full break-words light markdown-new-styling\">\n<p data-start=\"0\" data-end=\"190\"><strong data-start=\"0\" data-end=\"30\">Elvive \u00d3leo Extraordin\u00e1rio<\/strong> para cabelos secos que <strong data-start=\"54\" data-end=\"72\">falta nutri\u00e7\u00e3o<\/strong>, deixando os fios \u00e1speros, opacos e sem vida. F\u00f3rmula <strong data-start=\"127\" data-end=\"154\">luxuosa e rica em \u00f3leos<\/strong>, que nutre <strong data-start=\"166\" data-end=\"187\">da raiz \u00e0s pontas<\/strong>.<\/p>\n<p data-start=\"192\" data-end=\"334\"><strong data-start=\"192\" data-end=\"207\">Resultados:<\/strong> Deixa o cabelo <strong data-start=\"223\" data-end=\"252\">nutrido, macio e male\u00e1vel<\/strong>, com um toque <strong data-start=\"267\" data-end=\"287\">leve e sem pesar<\/strong>, indicado para <strong data-start=\"303\" data-end=\"331\">todos os tipos de cabelo<\/strong>.<\/p>\n<p data-start=\"336\" data-end=\"352\"><strong data-start=\"336\" data-end=\"350\">Como usar:<\/strong><\/p>\n<ul data-start=\"353\" data-end=\"614\">\n<li data-start=\"353\" data-end=\"399\">\n<p data-start=\"355\" data-end=\"399\">Coloque <strong data-start=\"363\" data-end=\"378\">3 a 4 gotas<\/strong> na palma das m\u00e3os.<\/p>\n<\/li>\n<li data-start=\"400\" data-end=\"454\">\n<p data-start=\"402\" data-end=\"454\">Aplique <strong data-start=\"410\" data-end=\"451\">uniformemente no cabelo \u00famido ou seco<\/strong>.<\/p>\n<\/li>\n<li data-start=\"455\" data-end=\"614\">\n<p data-start=\"457\" data-end=\"614\">Pode ser usado <strong data-start=\"472\" data-end=\"492\">antes do shampoo<\/strong> para nutrir, <strong data-start=\"506\" data-end=\"528\">antes da escova\u00e7\u00e3o<\/strong> para proteger e transformar, ou como <strong data-start=\"566\" data-end=\"581\">toque final<\/strong> para maciez e brilho luxuosos.<\/p>\n<\/li>\n<\/ul>\n<p data-start=\"616\" data-end=\"660\"><strong data-start=\"616\" data-end=\"638\">F\u00f3rmula n\u00e3o oleosa<\/strong> com \u00f3leos luxuosos:<\/p>\n<ul data-start=\"661\" data-end=\"812\">\n<li data-start=\"661\" data-end=\"776\">\n<p data-start=\"663\" data-end=\"776\">Cont\u00e9m <strong data-start=\"670\" data-end=\"701\">6 extratos de \u00f3leos florais<\/strong> com propriedades nutritivas para <strong data-start=\"735\" data-end=\"773\">brilho intenso e controle do frizz<\/strong>.<\/p>\n<\/li>\n<li data-start=\"777\" data-end=\"812\">\n<p data-start=\"779\" data-end=\"812\">Prote\u00e7\u00e3o t\u00e9rmica at\u00e9 <strong data-start=\"800\" data-end=\"809\">230\u00b0C<\/strong>.<\/p>\n<\/li>\n<\/ul>\n<p data-start=\"814\" data-end=\"941\" data-is-last-node=\"\" data-is-only-node=\"\"><strong data-start=\"814\" data-end=\"827\">Conte\u00fado:<\/strong> 1x \u00d3leo Capilar <strong data-start=\"844\" data-end=\"882\">L\u2019Or\u00e9al Elvive \u00d3leo Extraordin\u00e1rio<\/strong>, para <strong data-start=\"889\" data-end=\"920\">cabelos secos a muito secos<\/strong>, <strong data-start=\"922\" data-end=\"933\">volume:<\/strong> 100 ml.<\/p>\n<\/div>\n<\/div>\n<\/div>\n<\/div>\n<div class=\"z-0 flex min-h-[46px] justify-start\"><\/div>\n<\/div>\n<\/div>\n<\/article>\n<div aria-hidden=\"true\" data-edge=\"true\" class=\"pointer-events-none h-px w-px\"><\/div>\n","protected":false},"excerpt":{"rendered":"<p>Elvive \u00d3leo Extraordin\u00e1rio para cabelos secos que falta nutri\u00e7\u00e3o, deixando os fios \u00e1speros, opacos e sem vida. F\u00f3rmula luxuosa e rica em \u00f3leos, que nutre da raiz \u00e0s pontas. Resultados: Deixa o cabelo nutrido, macio e male\u00e1vel, com um toque leve e sem pesar, indicado para todos os tipos de cabelo. Como usar: Coloque 3 [&#8230;]\n","protected":false},"featured_media":6976,"comment_status":"open","ping_status":"closed","template":"","meta":{"advanced_seo_description":"","jetpack_seo_html_title":"","jetpack_seo_noindex":false,"jetpack_seo_schema_type":""},"product_brand":[],"product_cat":[1130],"product_tag":[],"class_list":["post-6977","product","type-product","status-publish","has-post-thumbnail","product_cat-cuidados-pessoais","first","outofstock","taxable","shipping-taxable","purchasable","product-type-simple"],"jetpack_sharing_enabled":true,"_links":{"self":[{"href":"https:\/\/muneka.us\/en\/wp-json\/wp\/v2\/product\/6977","targetHints":{"allow":["GET"]}}],"collection":[{"href":"https:\/\/muneka.us\/en\/wp-json\/wp\/v2\/product"}],"about":[{"href":"https:\/\/muneka.us\/en\/wp-json\/wp\/v2\/types\/product"}],"replies":[{"embeddable":true,"href":"https:\/\/muneka.us\/en\/wp-json\/wp\/v2\/comments?post=6977"}],"wp:featuredmedia":[{"embeddable":true,"href":"https:\/\/muneka.us\/en\/wp-json\/wp\/v2\/media\/6976"}],"wp:attachment":[{"href":"https:\/\/muneka.us\/en\/wp-json\/wp\/v2\/media?parent=6977"}],"wp:term":[{"taxonomy":"product_brand","embeddable":true,"href":"https:\/\/muneka.us\/en\/wp-json\/wp\/v2\/product_brand?post=6977"},{"taxonomy":"product_cat","embeddable":true,"href":"https:\/\/muneka.us\/en\/wp-json\/wp\/v2\/product_cat?post=6977"},{"taxonomy":"product_tag","embeddable":true,"href":"https:\/\/muneka.us\/en\/wp-json\/wp\/v2\/product_tag?post=6977"}],"curies":[{"name":"wp","href":"https:\/\/api.w.org\/{rel}","templated":true}]}}