{"id":6955,"date":"2025-10-24T18:17:05","date_gmt":"2025-10-24T21:17:05","guid":{"rendered":"https:\/\/muneka.us\/product\/apple-airpods-pro-wireless-earbuds-with-magsafe-charging-case-renewed\/"},"modified":"2026-01-13T15:46:06","modified_gmt":"2026-01-13T18:46:06","slug":"apple-airpods-pro-wireless-earbuds-with-magsafe-charging-case-renewed","status":"publish","type":"product","link":"https:\/\/muneka.us\/en\/produto\/apple-airpods-pro-wireless-earbuds-with-magsafe-charging-case-renewed\/","title":{"rendered":"Apple AirPods Pro Wireless Earbuds with MagSafe Charging Case (Renewed)"},"content":{"rendered":"<p data-start=\"0\" data-end=\"113\"><strong data-start=\"0\" data-end=\"31\">Cancelamento Ativo de Ru\u00eddo<\/strong> \u2013 Bloqueia os sons externos, permitindo que voc\u00ea mergulhe totalmente na m\u00fasica.<\/p>\n<p data-start=\"115\" data-end=\"207\"><strong data-start=\"115\" data-end=\"137\">Modo Transpar\u00eancia<\/strong> \u2013 Ou\u00e7a e interaja com o ambiente ao seu redor sem remover os fones.<\/p>\n<p data-start=\"209\" data-end=\"331\"><strong data-start=\"209\" data-end=\"263\">\u00c1udio Espacial com Rastreamento Din\u00e2mico da Cabe\u00e7a<\/strong> \u2013 Proporciona som envolvente que parece vir de todas as dire\u00e7\u00f5es.<\/p>\n<p data-start=\"333\" data-end=\"470\"><strong data-start=\"333\" data-end=\"350\">EQ Adaptativo<\/strong> \u2013 Ajusta automaticamente a m\u00fasica para se adequar ao formato dos seus ouvidos, garantindo qualidade sonora otimizada.<\/p>\n<p data-start=\"472\" data-end=\"595\" data-is-last-node=\"\" data-is-only-node=\"\"><strong data-start=\"472\" data-end=\"518\">Pontas de Silicone Macias em Tr\u00eas Tamanhos<\/strong> \u2013 Oferece ajuste personalizado e confort\u00e1vel para todos os tipos de orelhas.<\/p>\n","protected":false},"excerpt":{"rendered":"<p>Cancelamento Ativo de Ru\u00eddo \u2013 Bloqueia os sons externos, permitindo que voc\u00ea mergulhe totalmente na m\u00fasica. Modo Transpar\u00eancia \u2013 Ou\u00e7a e interaja com o ambiente ao seu redor sem remover os fones. \u00c1udio Espacial com Rastreamento Din\u00e2mico da Cabe\u00e7a \u2013 Proporciona som envolvente que parece vir de todas as dire\u00e7\u00f5es. EQ Adaptativo \u2013 Ajusta automaticamente [&#8230;]\n","protected":false},"featured_media":6956,"comment_status":"open","ping_status":"closed","template":"","meta":{"advanced_seo_description":"","jetpack_seo_html_title":"","jetpack_seo_noindex":false,"jetpack_seo_schema_type":""},"product_brand":[],"product_cat":[2525],"product_tag":[],"class_list":["post-6955","product","type-product","status-publish","has-post-thumbnail","product_cat-tecnologia","first","outofstock","taxable","shipping-taxable","purchasable","product-type-simple"],"jetpack_sharing_enabled":true,"_links":{"self":[{"href":"https:\/\/muneka.us\/en\/wp-json\/wp\/v2\/product\/6955","targetHints":{"allow":["GET"]}}],"collection":[{"href":"https:\/\/muneka.us\/en\/wp-json\/wp\/v2\/product"}],"about":[{"href":"https:\/\/muneka.us\/en\/wp-json\/wp\/v2\/types\/product"}],"replies":[{"embeddable":true,"href":"https:\/\/muneka.us\/en\/wp-json\/wp\/v2\/comments?post=6955"}],"wp:featuredmedia":[{"embeddable":true,"href":"https:\/\/muneka.us\/en\/wp-json\/wp\/v2\/media\/6956"}],"wp:attachment":[{"href":"https:\/\/muneka.us\/en\/wp-json\/wp\/v2\/media?parent=6955"}],"wp:term":[{"taxonomy":"product_brand","embeddable":true,"href":"https:\/\/muneka.us\/en\/wp-json\/wp\/v2\/product_brand?post=6955"},{"taxonomy":"product_cat","embeddable":true,"href":"https:\/\/muneka.us\/en\/wp-json\/wp\/v2\/product_cat?post=6955"},{"taxonomy":"product_tag","embeddable":true,"href":"https:\/\/muneka.us\/en\/wp-json\/wp\/v2\/product_tag?post=6955"}],"curies":[{"name":"wp","href":"https:\/\/api.w.org\/{rel}","templated":true}]}}